{"id":10909,"date":"2024-01-23T13:34:14","date_gmt":"2024-01-23T13:34:14","guid":{"rendered":"https:\/\/www.62n.fo\/?page_id=10909"},"modified":"2024-02-05T09:12:56","modified_gmt":"2024-02-05T09:12:56","slug":"moedelokale","status":"publish","type":"page","link":"https:\/\/www.62n.fo\/da\/62n-hotel\/moedelokale\/","title":{"rendered":"M\u00f8delokale"},"content":{"rendered":"\n<div class=\"wp-block-cover alignwide\"><span aria-hidden=\"true\" class=\"wp-block-cover__background has-background-dim-30 has-background-dim\"><\/span><img loading=\"lazy\" decoding=\"async\" width=\"2560\" height=\"1707\" class=\"wp-block-cover__image-background wp-image-7388\" alt=\"\" src=\"https:\/\/www.62n.fo\/wp-content\/uploads\/2024\/01\/zzSaMCBV-1-3.jpeg\" data-object-fit=\"cover\" srcset=\"https:\/\/www.62n.fo\/wp-content\/uploads\/2024\/01\/zzSaMCBV-1-3.jpeg 2560w, https:\/\/www.62n.fo\/wp-content\/uploads\/2024\/01\/zzSaMCBV-1-3-800x533.jpeg 800w, https:\/\/www.62n.fo\/wp-content\/uploads\/2024\/01\/zzSaMCBV-1-3-1600x1067.jpeg 1600w, https:\/\/www.62n.fo\/wp-content\/uploads\/2024\/01\/zzSaMCBV-1-3-768x512.jpeg 768w, https:\/\/www.62n.fo\/wp-content\/uploads\/2024\/01\/zzSaMCBV-1-3-1536x1024.jpeg 1536w, https:\/\/www.62n.fo\/wp-content\/uploads\/2024\/01\/zzSaMCBV-1-3-2048x1366.jpeg 2048w\" sizes=\"auto, (max-width: 2560px) 100vw, 2560px\" \/><div class=\"wp-block-cover__inner-container is-layout-constrained wp-block-cover-is-layout-constrained\">\n<p class=\"has-text-align-center has-large-font-size\"><\/p>\n<\/div><\/div>\n\n\n\n<div style=\"height:100px\" aria-hidden=\"true\" class=\"wp-block-spacer\"><\/div>\n\n\n\n<h1 class=\"wp-block-heading has-text-align-center\">M\u00d8DELOKALE P\u00c5 62\u00b0N HOTEL<\/h1>\n\n\n\n<p>M\u00f8delokalet er hyggelige og rummelige, og deres fremragende beliggenhed langs Sverrisg\u00f8ta mod byens centrum skaber en charmerende atmosf\u00e6re.<\/p>\n\n\n\n<p>M\u00f8delokalet er velegnet til b\u00e5de workshops og sm\u00e5 sammenkomster. Vi hj\u00e6lper naturligvis med at organisere begivenheden og ops\u00e6tte lokalet. Hvis du har brug for overnatning, mad eller drikkevarer til deltagerne, st\u00e5r vi ogs\u00e5 til r\u00e5dighed for at hj\u00e6lpe med det.<\/p>\n\n\n\n<p>I m\u00f8delokalet finder du faciliteter som tr\u00e5dl\u00f8st internet, en flipover og pr\u00e6sentationssk\u00e6rme.<\/p>\n\n\n\n<p>M\u00f8delokalet kan rumme op til 30 personer. Til siddende arrangementer er det egnet til cirka 12-18 personer. Her kan vi afholde m\u00f8der, personalediskussioner, konsultationer, workshops, personaledage eller endda en mindre reception eller sammenkomst.<\/p>\n\n\n\n<p>Kontakt os p\u00e5<strong> <a>hotel@62n.fo<\/a> <\/strong>eller ring til os p\u00e5 <strong>+298 500 600<\/strong>, og vi finder en l\u00f8sning, der passer til dine behov.<\/p>\n\n\n\n<div style=\"height:100px\" aria-hidden=\"true\" class=\"wp-block-spacer\"><\/div>\n\n\n\n<div id=\"gallery-slider_block_3ed2d185721442f645181ea7b32c0de7\" class=\"lunnar-gallery-slider alignfull\">\n\n    \n            <div class=\"gallery-slider\">\n                            <div class=\"gallery-swiper--item\">\n                    <img loading=\"lazy\" decoding=\"async\" src=\"https:\/\/www.62n.fo\/wp-content\/uploads\/2024\/01\/SSR1NcYd-3-800x533.jpeg\" width=\"800\" height=\"533\" alt=\"\" \/>\n                <\/div>\n                            <div class=\"gallery-swiper--item\">\n                    <img loading=\"lazy\" decoding=\"async\" src=\"https:\/\/www.62n.fo\/wp-content\/uploads\/2024\/01\/Ej2mfqo0-3-800x533.jpeg\" width=\"800\" height=\"533\" alt=\"\" \/>\n                <\/div>\n                            <div class=\"gallery-swiper--item\">\n                    <img loading=\"lazy\" decoding=\"async\" src=\"https:\/\/www.62n.fo\/wp-content\/uploads\/2024\/01\/ED1oIlvW-3-800x533.jpeg\" width=\"800\" height=\"533\" alt=\"\" \/>\n                <\/div>\n                            <div class=\"gallery-swiper--item\">\n                    <img loading=\"lazy\" decoding=\"async\" src=\"https:\/\/www.62n.fo\/wp-content\/uploads\/2024\/01\/DnrZdWdz-3-533x800.jpeg\" width=\"533\" height=\"800\" alt=\"\" \/>\n                <\/div>\n                            <div class=\"gallery-swiper--item\">\n                    <img loading=\"lazy\" decoding=\"async\" src=\"https:\/\/www.62n.fo\/wp-content\/uploads\/2024\/01\/zzSaMCBV-4-800x533.jpeg\" width=\"800\" height=\"533\" alt=\"\" \/>\n                <\/div>\n                            <div class=\"gallery-swiper--item\">\n                    <img loading=\"lazy\" decoding=\"async\" src=\"https:\/\/www.62n.fo\/wp-content\/uploads\/2024\/01\/VQjSOeap-3-800x533.jpeg\" width=\"800\" height=\"533\" alt=\"\" \/>\n                <\/div>\n                    <\/div>\n    <\/div>","protected":false},"excerpt":{"rendered":"<p>M\u00d8DELOKALE P\u00c5 62\u00b0N HOTEL M\u00f8delokalet er hyggelige og rummelige, og deres fremragende beliggenhed langs Sverrisg\u00f8ta mod byens centrum skaber en charmerende atmosf\u00e6re. M\u00f8delokalet er velegnet til b\u00e5de workshops og sm\u00e5 sammenkomster. Vi hj\u00e6lper naturligvis med at organisere begivenheden og ops\u00e6tte lokalet. Hvis du har brug for overnatning, mad eller drikkevarer til deltagerne, st\u00e5r vi ogs\u00e5 [&hellip;]<\/p>\n","protected":false},"author":2,"featured_media":0,"parent":10757,"menu_order":0,"comment_status":"closed","ping_status":"closed","template":"","meta":{"_acf_changed":false,"_uag_custom_page_level_css":"","footnotes":""},"class_list":["post-10909","page","type-page","status-publish","hentry"],"acf":[],"yoast_head":"<!-- This site is optimized with the Yoast SEO plugin v27.4 - https:\/\/yoast.com\/product\/yoast-seo-wordpress\/ -->\n<title>M\u00f8delokale - 62N<\/title>\n<meta name=\"robots\" content=\"index, follow, max-snippet:-1, max-image-preview:large, max-video-preview:-1\" \/>\n<link rel=\"canonical\" href=\"https:\/\/www.62n.fo\/da\/62n-hotel\/moedelokale\/\" \/>\n<meta property=\"og:locale\" content=\"da_DK\" \/>\n<meta property=\"og:type\" content=\"article\" \/>\n<meta property=\"og:title\" content=\"M\u00f8delokale - 62N\" \/>\n<meta property=\"og:description\" content=\"M\u00d8DELOKALE P\u00c5 62\u00b0N HOTEL M\u00f8delokalet er hyggelige og rummelige, og deres fremragende beliggenhed langs Sverrisg\u00f8ta mod byens centrum skaber en charmerende atmosf\u00e6re. M\u00f8delokalet er velegnet til b\u00e5de workshops og sm\u00e5 sammenkomster. Vi hj\u00e6lper naturligvis med at organisere begivenheden og ops\u00e6tte lokalet. Hvis du har brug for overnatning, mad eller drikkevarer til deltagerne, st\u00e5r vi ogs\u00e5 [&hellip;]\" \/>\n<meta property=\"og:url\" content=\"https:\/\/www.62n.fo\/da\/62n-hotel\/moedelokale\/\" \/>\n<meta property=\"og:site_name\" content=\"62N\" \/>\n<meta property=\"article:modified_time\" content=\"2024-02-05T09:12:56+00:00\" \/>\n<meta property=\"og:image\" content=\"https:\/\/www.62n.fo\/wp-content\/uploads\/2024\/01\/zzSaMCBV-1-3.jpeg\" \/>\n<meta name=\"twitter:card\" content=\"summary_large_image\" \/>\n<meta name=\"twitter:label1\" content=\"Estimeret l\u00e6setid\" \/>\n\t<meta name=\"twitter:data1\" content=\"1 minut\" \/>\n<script type=\"application\/ld+json\" class=\"yoast-schema-graph\">{\"@context\":\"https:\\\/\\\/schema.org\",\"@graph\":[{\"@type\":\"WebPage\",\"@id\":\"https:\\\/\\\/www.62n.fo\\\/da\\\/62n-hotel\\\/moedelokale\\\/\",\"url\":\"https:\\\/\\\/www.62n.fo\\\/da\\\/62n-hotel\\\/moedelokale\\\/\",\"name\":\"M\u00f8delokale - 62N\",\"isPartOf\":{\"@id\":\"https:\\\/\\\/www.62n.fo\\\/da\\\/#website\"},\"primaryImageOfPage\":{\"@id\":\"https:\\\/\\\/www.62n.fo\\\/da\\\/62n-hotel\\\/moedelokale\\\/#primaryimage\"},\"image\":{\"@id\":\"https:\\\/\\\/www.62n.fo\\\/da\\\/62n-hotel\\\/moedelokale\\\/#primaryimage\"},\"thumbnailUrl\":\"https:\\\/\\\/www.62n.fo\\\/wp-content\\\/uploads\\\/2024\\\/01\\\/zzSaMCBV-1-3.jpeg\",\"datePublished\":\"2024-01-23T13:34:14+00:00\",\"dateModified\":\"2024-02-05T09:12:56+00:00\",\"breadcrumb\":{\"@id\":\"https:\\\/\\\/www.62n.fo\\\/da\\\/62n-hotel\\\/moedelokale\\\/#breadcrumb\"},\"inLanguage\":\"da-DK\",\"potentialAction\":[{\"@type\":\"ReadAction\",\"target\":[\"https:\\\/\\\/www.62n.fo\\\/da\\\/62n-hotel\\\/moedelokale\\\/\"]}]},{\"@type\":\"ImageObject\",\"inLanguage\":\"da-DK\",\"@id\":\"https:\\\/\\\/www.62n.fo\\\/da\\\/62n-hotel\\\/moedelokale\\\/#primaryimage\",\"url\":\"https:\\\/\\\/www.62n.fo\\\/wp-content\\\/uploads\\\/2024\\\/01\\\/zzSaMCBV-1-3.jpeg\",\"contentUrl\":\"https:\\\/\\\/www.62n.fo\\\/wp-content\\\/uploads\\\/2024\\\/01\\\/zzSaMCBV-1-3.jpeg\"},{\"@type\":\"BreadcrumbList\",\"@id\":\"https:\\\/\\\/www.62n.fo\\\/da\\\/62n-hotel\\\/moedelokale\\\/#breadcrumb\",\"itemListElement\":[{\"@type\":\"ListItem\",\"position\":1,\"name\":\"Home\",\"item\":\"https:\\\/\\\/www.62n.fo\\\/da\\\/\"},{\"@type\":\"ListItem\",\"position\":2,\"name\":\"62\u00b0N Hotel\",\"item\":\"https:\\\/\\\/www.62n.fo\\\/da\\\/62n-hotel\\\/\"},{\"@type\":\"ListItem\",\"position\":3,\"name\":\"M\u00f8delokale\"}]},{\"@type\":\"WebSite\",\"@id\":\"https:\\\/\\\/www.62n.fo\\\/da\\\/#website\",\"url\":\"https:\\\/\\\/www.62n.fo\\\/da\\\/\",\"name\":\"62N\",\"description\":\"Just another WordPress site\",\"potentialAction\":[{\"@type\":\"SearchAction\",\"target\":{\"@type\":\"EntryPoint\",\"urlTemplate\":\"https:\\\/\\\/www.62n.fo\\\/da\\\/?s={search_term_string}\"},\"query-input\":{\"@type\":\"PropertyValueSpecification\",\"valueRequired\":true,\"valueName\":\"search_term_string\"}}],\"inLanguage\":\"da-DK\"}]}<\/script>\n<!-- \/ Yoast SEO plugin. -->","yoast_head_json":{"title":"M\u00f8delokale - 62N","robots":{"index":"index","follow":"follow","max-snippet":"max-snippet:-1","max-image-preview":"max-image-preview:large","max-video-preview":"max-video-preview:-1"},"canonical":"https:\/\/www.62n.fo\/da\/62n-hotel\/moedelokale\/","og_locale":"da_DK","og_type":"article","og_title":"M\u00f8delokale - 62N","og_description":"M\u00d8DELOKALE P\u00c5 62\u00b0N HOTEL M\u00f8delokalet er hyggelige og rummelige, og deres fremragende beliggenhed langs Sverrisg\u00f8ta mod byens centrum skaber en charmerende atmosf\u00e6re. M\u00f8delokalet er velegnet til b\u00e5de workshops og sm\u00e5 sammenkomster. Vi hj\u00e6lper naturligvis med at organisere begivenheden og ops\u00e6tte lokalet. Hvis du har brug for overnatning, mad eller drikkevarer til deltagerne, st\u00e5r vi ogs\u00e5 [&hellip;]","og_url":"https:\/\/www.62n.fo\/da\/62n-hotel\/moedelokale\/","og_site_name":"62N","article_modified_time":"2024-02-05T09:12:56+00:00","og_image":[{"url":"https:\/\/www.62n.fo\/wp-content\/uploads\/2024\/01\/zzSaMCBV-1-3.jpeg","type":"","width":"","height":""}],"twitter_card":"summary_large_image","twitter_misc":{"Estimeret l\u00e6setid":"1 minut"},"schema":{"@context":"https:\/\/schema.org","@graph":[{"@type":"WebPage","@id":"https:\/\/www.62n.fo\/da\/62n-hotel\/moedelokale\/","url":"https:\/\/www.62n.fo\/da\/62n-hotel\/moedelokale\/","name":"M\u00f8delokale - 62N","isPartOf":{"@id":"https:\/\/www.62n.fo\/da\/#website"},"primaryImageOfPage":{"@id":"https:\/\/www.62n.fo\/da\/62n-hotel\/moedelokale\/#primaryimage"},"image":{"@id":"https:\/\/www.62n.fo\/da\/62n-hotel\/moedelokale\/#primaryimage"},"thumbnailUrl":"https:\/\/www.62n.fo\/wp-content\/uploads\/2024\/01\/zzSaMCBV-1-3.jpeg","datePublished":"2024-01-23T13:34:14+00:00","dateModified":"2024-02-05T09:12:56+00:00","breadcrumb":{"@id":"https:\/\/www.62n.fo\/da\/62n-hotel\/moedelokale\/#breadcrumb"},"inLanguage":"da-DK","potentialAction":[{"@type":"ReadAction","target":["https:\/\/www.62n.fo\/da\/62n-hotel\/moedelokale\/"]}]},{"@type":"ImageObject","inLanguage":"da-DK","@id":"https:\/\/www.62n.fo\/da\/62n-hotel\/moedelokale\/#primaryimage","url":"https:\/\/www.62n.fo\/wp-content\/uploads\/2024\/01\/zzSaMCBV-1-3.jpeg","contentUrl":"https:\/\/www.62n.fo\/wp-content\/uploads\/2024\/01\/zzSaMCBV-1-3.jpeg"},{"@type":"BreadcrumbList","@id":"https:\/\/www.62n.fo\/da\/62n-hotel\/moedelokale\/#breadcrumb","itemListElement":[{"@type":"ListItem","position":1,"name":"Home","item":"https:\/\/www.62n.fo\/da\/"},{"@type":"ListItem","position":2,"name":"62\u00b0N Hotel","item":"https:\/\/www.62n.fo\/da\/62n-hotel\/"},{"@type":"ListItem","position":3,"name":"M\u00f8delokale"}]},{"@type":"WebSite","@id":"https:\/\/www.62n.fo\/da\/#website","url":"https:\/\/www.62n.fo\/da\/","name":"62N","description":"Just another WordPress site","potentialAction":[{"@type":"SearchAction","target":{"@type":"EntryPoint","urlTemplate":"https:\/\/www.62n.fo\/da\/?s={search_term_string}"},"query-input":{"@type":"PropertyValueSpecification","valueRequired":true,"valueName":"search_term_string"}}],"inLanguage":"da-DK"}]}},"uagb_featured_image_src":{"full":false,"thumbnail":false,"medium":false,"medium_large":false,"large":false,"1536x1536":false,"2048x2048":false},"uagb_author_info":{"display_name":"leivur@62n.fo","author_link":"https:\/\/www.62n.fo\/da\/author\/leivur62n-fo\/"},"uagb_comment_info":0,"uagb_excerpt":"M\u00d8DELOKALE P\u00c5 62\u00b0N HOTEL M\u00f8delokalet er hyggelige og rummelige, og deres fremragende beliggenhed langs Sverrisg\u00f8ta mod byens centrum skaber en charmerende atmosf\u00e6re. M\u00f8delokalet er velegnet til b\u00e5de workshops og sm\u00e5 sammenkomster. Vi hj\u00e6lper naturligvis med at organisere begivenheden og ops\u00e6tte lokalet. Hvis du har brug for overnatning, mad eller drikkevarer til deltagerne, st\u00e5r vi ogs\u00e5&hellip;","_links":{"self":[{"href":"https:\/\/www.62n.fo\/da\/wp-json\/wp\/v2\/pages\/10909","targetHints":{"allow":["GET"]}}],"collection":[{"href":"https:\/\/www.62n.fo\/da\/wp-json\/wp\/v2\/pages"}],"about":[{"href":"https:\/\/www.62n.fo\/da\/wp-json\/wp\/v2\/types\/page"}],"author":[{"embeddable":true,"href":"https:\/\/www.62n.fo\/da\/wp-json\/wp\/v2\/users\/2"}],"replies":[{"embeddable":true,"href":"https:\/\/www.62n.fo\/da\/wp-json\/wp\/v2\/comments?post=10909"}],"version-history":[{"count":1,"href":"https:\/\/www.62n.fo\/da\/wp-json\/wp\/v2\/pages\/10909\/revisions"}],"predecessor-version":[{"id":10912,"href":"https:\/\/www.62n.fo\/da\/wp-json\/wp\/v2\/pages\/10909\/revisions\/10912"}],"up":[{"embeddable":true,"href":"https:\/\/www.62n.fo\/da\/wp-json\/wp\/v2\/pages\/10757"}],"wp:attachment":[{"href":"https:\/\/www.62n.fo\/da\/wp-json\/wp\/v2\/media?parent=10909"}],"curies":[{"name":"wp","href":"https:\/\/api.w.org\/{rel}","templated":true}]}}